{"id":5019,"date":"2024-10-10T22:52:28","date_gmt":"2024-10-10T22:52:28","guid":{"rendered":"https:\/\/semillanueva.org\/?page_id=5019"},"modified":"2024-11-25T17:13:08","modified_gmt":"2024-11-25T17:13:08","slug":"where-do-we-work","status":"publish","type":"page","link":"https:\/\/semillanueva.org\/es\/old-pages\/our-work\/where-do-we-work\/","title":{"rendered":"D\u00f3nde Trabajamos"},"content":{"rendered":"<h1>\r\n\t\t\u00bfD\u00d3NDE TRABAJAMOS?\r\n\t<\/h1>\r\n\t<p><strong>Empezamos en Guatemala porque:<\/strong><\/p>\r\n<ul>\r\n<li>Guatemala tiene la sexta tasa m\u00e1s alta de desnutrici\u00f3n cr\u00f3nica del mundo.<\/li>\r\n<li>El ma\u00edz representa aproximadamente la mitad de la ingesta cal\u00f3rica de las dietas rurales.<\/li>\r\n<li>59,3% de los guatemaltecos viven por debajo del umbral nacional de pobreza.<\/li>\r\n<li>Guatemala figura entre los cinco pa\u00edses del mundo m\u00e1s afectados por cat\u00e1strofes naturales y entre los diez m\u00e1s vulnerables al cambio clim\u00e1tico.<\/li>\r\n<\/ul>\r\n<p><strong>Nos estamos expandiendo internacionalmente a otros pa\u00edses con dietas basadas en el ma\u00edz, altas tasas de desnutrici\u00f3n y bajo uso de semillas mejoradas.<\/strong><\/p>\r\n<ul>\r\n<li>Centroam\u00e9rica: El Salvador (2024), Honduras (2025), Hait\u00ed y el sur de M\u00e9xico (por determinar).<\/li>\r\n<li>\u00c1frica subsahariana: Actualmente estamos desarrollando semillas para \u00c1frica oriental y meridional.<\/li>\r\n<\/ul>\r\n\t<p>\u00bfEs usted una ONG o un programa gubernamental que trabaja con al menos cinco mil peque\u00f1os agricultores en una de estas zonas? \u00bfPodr\u00eda proporcionar semillas a los agricultores de forma sostenible?<\/p>\r\n\t\t\t<a href=\"https:\/\/semillanueva.org\/es\/contact-us\/\" target=\"_blank\" rel=\"noopener\">\r\n\t\t\t\t\t\t\tP\u00f3ngase en contacto con nosotros\r\n\t\t\t\t\t<\/a>\r\n\t\t\t\t\t\t\t\t\t\t\t\t\t\t\t\t\t<a href=\"https:\/\/semillanueva.org\/es\/who-we-are\/what-we-do\/\" target=\"_self\" rel=\"noopener\">\r\n\t\t\t\t\t\t\t\t\t\t\t\t\t\t\t\t\t\t\t\t\t\t\t\t\t\t\t\t\t\t\t\t\t\t\t\t\t\t\t\t\t\t\t\t\t\t\t\t\t\t\t\t\t\t\t\t\t\t\t\t\t\t\t\t\t<p>\u00bfQu\u00e9 Hacemos?<\/p> \t\t\t\t\t\t\t\t\t\t\t\t\t\t\t\t\t\t\t\t\t\t\t\t\t\t\t\t\t\r\n\t\t\t\t\t\t\t\t\t\t\t\t\t\t\t\t\t<\/a>\r\n\t\t\t\t\t\t\t\t\t\t\t\t\t\t\t\t\t<a href=\"https:\/\/semillanueva.org\/es\/our-work\/where-do-we-work\/\" target=\"_self\" rel=\"noopener\">\r\n\t\t\t\t\t\t\t\t\t\t\t\t\t\t\t\t\t\t\t\t\t\t\t\t\t\t\t\t\t\t\t\t\t\t\t\t\t\t\t\t\t\t\t\t\t\t\t\t\t\t\t\t\t\t\t\t\t\t\t\t\t\t\t\t\t<p>\u00bfD\u00f3nde Trabajamos?<\/p> \t\t\t\t\t\t\t\t\t\t\t\t\t\t\t\t\t\t\t\t\t\t\t\t\t\t\t\t\t\r\n\t\t\t\t\t\t\t\t\t\t\t\t\t\t\t\t\t<\/a>\r\n\t\t\t\t\t\t\t\t\t\t\t\t\t\t\t\t\t<a href=\"https:\/\/semillanueva.org\/es\/our-work\/nutrition\/\" target=\"_self\" rel=\"noopener\">\r\n\t\t\t\t\t\t\t\t\t\t\t\t\t\t\t\t\t\t\t\t\t\t\t\t\t\t\t\t\t\t\t\t\t\t\t\t\t\t\t\t\t\t\t\t\t\t\t\t\t\t\t\t\t\t\t\t\t\t\t\t\t\t\t\t\t<p>Nutrici\u00f3n<\/p> \t\t\t\t\t\t\t\t\t\t\t\t\t\t\t\t\t\t\t\t\t\t\t\t\t\t\t\t\t\r\n\t\t\t\t\t\t\t\t\t\t\t\t\t\t\t\t\t<\/a>\r\n\t\t\t\t\t\t\t\t\t\t\t\t\t\t\t\t\t<a href=\"https:\/\/semillanueva.org\/es\/our-work\/livelihoods\/\" target=\"_self\" rel=\"noopener\">\r\n\t\t\t\t\t\t\t\t\t\t\t\t\t\t\t\t\t\t\t\t\t\t\t\t\t\t\t\t\t\t\t\t\t\t\t\t\t\t\t\t\t\t\t\t\t\t\t\t\t\t\t\t\t\t\t\t\t\t\t\t\t\t\t\t\t<p>Medios de Vida<\/p> \t\t\t\t\t\t\t\t\t\t\t\t\t\t\t\t\t\t\t\t\t\t\t\t\t\t\t\t\t\r\n\t\t\t\t\t\t\t\t\t\t\t\t\t\t\t\t\t<\/a>\r\n\t\t\t\t\t\t\t\t\t\t\t\t\t\t\t\t\t<a href=\"https:\/\/semillanueva.org\/es\/our-work\/climate\/\" target=\"_self\" rel=\"noopener\">\r\n\t\t\t\t\t\t\t\t\t\t\t\t\t\t\t\t\t\t\t\t\t\t\t\t\t\t\t\t\t\t\t\t\t\t\t\t\t\t\t\t\t\t\t\t\t\t\t\t\t\t\t\t\t\t\t\t\t\t\t\t\t\t\t\t\t<p>Resiliencia Clim\u00e1tica<\/p> \t\t\t\t\t\t\t\t\t\t\t\t\t\t\t\t\t\t\t\t\t\t\t\t\t\t\t\t\t\r\n\t\t\t\t\t\t\t\t\t\t\t\t\t\t\t\t\t<\/a>\r\n\t\t\t\t\t\t\t\t\t\t\t\t\t\t\t\t\t<a href=\"https:\/\/semillanueva.org\/es\/our-work\/frequently-asked-questions\/\" target=\"_self\" rel=\"noopener\">\r\n\t\t\t\t\t\t\t\t\t\t\t\t\t\t\t\t\t\t\t\t\t\t\t\t\t\t\t\t\t\t\t\t\t\t\t\t\t\t\t\t\t\t\t\t\t\t\t\t\t\t\t\t\t\t\t\t\t\t\t\t\t\t\t\t\t<p>Preguntas Frecuentes<\/p> \t\t\t\t\t\t\t\t\t\t\t\t\t\t\t\t\t\t\t\t\t\t\t\t\t\t\t\t\t\r\n\t\t\t\t\t\t\t\t\t\t\t\t\t\t\t\t\t<\/a>","protected":false},"excerpt":{"rendered":"<p>\u00bfD\u00d3NDE TRABAJAMOS? Comenzamos en Guatemala porque: Guatemala tiene la sexta tasa m\u00e1s alta de desnutrici\u00f3n cr\u00f3nica del mundo. El ma\u00edz constituye aproximadamente la mitad de la ingesta cal\u00f3rica en las dietas rurales. El 59.31 % de los guatemaltecos vive por debajo del umbral nacional de pobreza. Guatemala se encuentra entre los cinco pa\u00edses m\u00e1s afectados por desastres naturales en el mundo...<\/p>","protected":false},"author":1,"featured_media":5122,"parent":5032,"menu_order":0,"comment_status":"closed","ping_status":"closed","template":"","meta":{"_acf_changed":false,"footnotes":""},"class_list":["post-5019","page","type-page","status-publish","has-post-thumbnail","hentry"],"acf":[],"yoast_head":"<!-- This site is optimized with the Yoast SEO plugin v27.4 - https:\/\/yoast.com\/product\/yoast-seo-wordpress\/ -->\n<title>Where Do We Work - New Seed<\/title>\n<meta name=\"description\" content=\"We started in Guatemala and We\u2019re expanding internationally to other countries with corn-based diets, high malnutrition rates, and low use of improved seed.\" \/>\n<meta name=\"robots\" content=\"index, follow, max-snippet:-1, max-image-preview:large, max-video-preview:-1\" \/>\n<link rel=\"canonical\" href=\"https:\/\/semillanueva.org\/es\/old-pages\/our-work\/where-do-we-work\/\" \/>\n<meta property=\"og:locale\" content=\"es_ES\" \/>\n<meta property=\"og:type\" content=\"article\" \/>\n<meta property=\"og:title\" content=\"Where Do We Work - New Seed\" \/>\n<meta property=\"og:description\" content=\"We started in Guatemala and We\u2019re expanding internationally to other countries with corn-based diets, high malnutrition rates, and low use of improved seed.\" \/>\n<meta property=\"og:url\" content=\"https:\/\/semillanueva.org\/es\/old-pages\/our-work\/where-do-we-work\/\" \/>\n<meta property=\"og:site_name\" content=\"New Seed\" \/>\n<meta property=\"article:modified_time\" content=\"2024-11-25T17:13:08+00:00\" \/>\n<meta property=\"og:image\" content=\"https:\/\/semillanueva.org\/wp-content\/uploads\/2024\/11\/Map-GT-esv-1-1800x2160-1.jpg\" \/>\n\t<meta property=\"og:image:width\" content=\"1800\" \/>\n\t<meta property=\"og:image:height\" content=\"2160\" \/>\n\t<meta property=\"og:image:type\" content=\"image\/jpeg\" \/>\n<meta name=\"twitter:card\" content=\"summary_large_image\" \/>\n<meta name=\"twitter:label1\" content=\"Est. reading time\" \/>\n\t<meta name=\"twitter:data1\" content=\"1 minuto\" \/>\n<script type=\"application\/ld+json\" class=\"yoast-schema-graph\">{\"@context\":\"https:\\\/\\\/schema.org\",\"@graph\":[{\"@type\":\"WebPage\",\"@id\":\"https:\\\/\\\/semillanueva.org\\\/old-pages\\\/our-work\\\/where-do-we-work\\\/\",\"url\":\"https:\\\/\\\/semillanueva.org\\\/old-pages\\\/our-work\\\/where-do-we-work\\\/\",\"name\":\"Where Do We Work - New Seed\",\"isPartOf\":{\"@id\":\"https:\\\/\\\/semillanueva.org\\\/#website\"},\"primaryImageOfPage\":{\"@id\":\"https:\\\/\\\/semillanueva.org\\\/old-pages\\\/our-work\\\/where-do-we-work\\\/#primaryimage\"},\"image\":{\"@id\":\"https:\\\/\\\/semillanueva.org\\\/old-pages\\\/our-work\\\/where-do-we-work\\\/#primaryimage\"},\"thumbnailUrl\":\"https:\\\/\\\/semillanueva.org\\\/wp-content\\\/uploads\\\/2024\\\/11\\\/Map-GT-esv-1-1800x2160-1.jpg\",\"datePublished\":\"2024-10-10T22:52:28+00:00\",\"dateModified\":\"2024-11-25T17:13:08+00:00\",\"description\":\"We started in Guatemala and We\u2019re expanding internationally to other countries with corn-based diets, high malnutrition rates, and low use of improved seed.\",\"breadcrumb\":{\"@id\":\"https:\\\/\\\/semillanueva.org\\\/old-pages\\\/our-work\\\/where-do-we-work\\\/#breadcrumb\"},\"inLanguage\":\"es\",\"potentialAction\":[{\"@type\":\"ReadAction\",\"target\":[\"https:\\\/\\\/semillanueva.org\\\/old-pages\\\/our-work\\\/where-do-we-work\\\/\"]}]},{\"@type\":\"ImageObject\",\"inLanguage\":\"es\",\"@id\":\"https:\\\/\\\/semillanueva.org\\\/old-pages\\\/our-work\\\/where-do-we-work\\\/#primaryimage\",\"url\":\"https:\\\/\\\/semillanueva.org\\\/wp-content\\\/uploads\\\/2024\\\/11\\\/Map-GT-esv-1-1800x2160-1.jpg\",\"contentUrl\":\"https:\\\/\\\/semillanueva.org\\\/wp-content\\\/uploads\\\/2024\\\/11\\\/Map-GT-esv-1-1800x2160-1.jpg\",\"width\":1800,\"height\":2160},{\"@type\":\"BreadcrumbList\",\"@id\":\"https:\\\/\\\/semillanueva.org\\\/old-pages\\\/our-work\\\/where-do-we-work\\\/#breadcrumb\",\"itemListElement\":[{\"@type\":\"ListItem\",\"position\":1,\"name\":\"Home\",\"item\":\"https:\\\/\\\/semillanueva.org\\\/\"},{\"@type\":\"ListItem\",\"position\":2,\"name\":\"Z &#8211; Old Pages\",\"item\":\"https:\\\/\\\/semillanueva.org\\\/old-pages\\\/\"},{\"@type\":\"ListItem\",\"position\":3,\"name\":\"Our Work\",\"item\":\"https:\\\/\\\/semillanueva.org\\\/?page_id=5032\"},{\"@type\":\"ListItem\",\"position\":4,\"name\":\"Where Do We Work\"}]},{\"@type\":\"WebSite\",\"@id\":\"https:\\\/\\\/semillanueva.org\\\/#website\",\"url\":\"https:\\\/\\\/semillanueva.org\\\/\",\"name\":\"New Seed\",\"description\":\"New Seed fights malnutrition and poverty with better corn.\",\"potentialAction\":[{\"@type\":\"SearchAction\",\"target\":{\"@type\":\"EntryPoint\",\"urlTemplate\":\"https:\\\/\\\/semillanueva.org\\\/?s={search_term_string}\"},\"query-input\":{\"@type\":\"PropertyValueSpecification\",\"valueRequired\":true,\"valueName\":\"search_term_string\"}}],\"inLanguage\":\"es\"}]}<\/script>\n<!-- \/ Yoast SEO plugin. -->","yoast_head_json":{"title":"D\u00f3nde trabajamos - New Seed","description":"Empezamos en Guatemala y nos estamos expandiendo internacionalmente a otros pa\u00edses con dietas basadas en el ma\u00edz, altos \u00edndices de desnutrici\u00f3n y escaso uso de semillas mejoradas.","robots":{"index":"index","follow":"follow","max-snippet":"max-snippet:-1","max-image-preview":"max-image-preview:large","max-video-preview":"max-video-preview:-1"},"canonical":"https:\/\/semillanueva.org\/es\/old-pages\/our-work\/where-do-we-work\/","og_locale":"es_ES","og_type":"article","og_title":"Where Do We Work - New Seed","og_description":"We started in Guatemala and We\u2019re expanding internationally to other countries with corn-based diets, high malnutrition rates, and low use of improved seed.","og_url":"https:\/\/semillanueva.org\/es\/old-pages\/our-work\/where-do-we-work\/","og_site_name":"New Seed","article_modified_time":"2024-11-25T17:13:08+00:00","og_image":[{"width":1800,"height":2160,"url":"https:\/\/semillanueva.org\/wp-content\/uploads\/2024\/11\/Map-GT-esv-1-1800x2160-1.jpg","type":"image\/jpeg"}],"twitter_card":"summary_large_image","twitter_misc":{"Est. reading time":"1 minuto"},"schema":{"@context":"https:\/\/schema.org","@graph":[{"@type":"WebPage","@id":"https:\/\/semillanueva.org\/old-pages\/our-work\/where-do-we-work\/","url":"https:\/\/semillanueva.org\/old-pages\/our-work\/where-do-we-work\/","name":"D\u00f3nde trabajamos - New Seed","isPartOf":{"@id":"https:\/\/semillanueva.org\/#website"},"primaryImageOfPage":{"@id":"https:\/\/semillanueva.org\/old-pages\/our-work\/where-do-we-work\/#primaryimage"},"image":{"@id":"https:\/\/semillanueva.org\/old-pages\/our-work\/where-do-we-work\/#primaryimage"},"thumbnailUrl":"https:\/\/semillanueva.org\/wp-content\/uploads\/2024\/11\/Map-GT-esv-1-1800x2160-1.jpg","datePublished":"2024-10-10T22:52:28+00:00","dateModified":"2024-11-25T17:13:08+00:00","description":"Empezamos en Guatemala y nos estamos expandiendo internacionalmente a otros pa\u00edses con dietas basadas en el ma\u00edz, altos \u00edndices de desnutrici\u00f3n y escaso uso de semillas mejoradas.","breadcrumb":{"@id":"https:\/\/semillanueva.org\/old-pages\/our-work\/where-do-we-work\/#breadcrumb"},"inLanguage":"es","potentialAction":[{"@type":"ReadAction","target":["https:\/\/semillanueva.org\/old-pages\/our-work\/where-do-we-work\/"]}]},{"@type":"ImageObject","inLanguage":"es","@id":"https:\/\/semillanueva.org\/old-pages\/our-work\/where-do-we-work\/#primaryimage","url":"https:\/\/semillanueva.org\/wp-content\/uploads\/2024\/11\/Map-GT-esv-1-1800x2160-1.jpg","contentUrl":"https:\/\/semillanueva.org\/wp-content\/uploads\/2024\/11\/Map-GT-esv-1-1800x2160-1.jpg","width":1800,"height":2160},{"@type":"BreadcrumbList","@id":"https:\/\/semillanueva.org\/old-pages\/our-work\/where-do-we-work\/#breadcrumb","itemListElement":[{"@type":"ListItem","position":1,"name":"Home","item":"https:\/\/semillanueva.org\/"},{"@type":"ListItem","position":2,"name":"Z &#8211; Old Pages","item":"https:\/\/semillanueva.org\/old-pages\/"},{"@type":"ListItem","position":3,"name":"Our Work","item":"https:\/\/semillanueva.org\/?page_id=5032"},{"@type":"ListItem","position":4,"name":"Where Do We Work"}]},{"@type":"WebSite","@id":"https:\/\/semillanueva.org\/#website","url":"https:\/\/semillanueva.org\/","name":"Semilla nueva","description":"New Seed combate la desnutrici\u00f3n y la pobreza con un ma\u00edz mejorado.","potentialAction":[{"@type":"SearchAction","target":{"@type":"EntryPoint","urlTemplate":"https:\/\/semillanueva.org\/?s={search_term_string}"},"query-input":{"@type":"PropertyValueSpecification","valueRequired":true,"valueName":"search_term_string"}}],"inLanguage":"es"}]}},"_links":{"self":[{"href":"https:\/\/semillanueva.org\/es\/wp-json\/wp\/v2\/pages\/5019","targetHints":{"allow":["GET"]}}],"collection":[{"href":"https:\/\/semillanueva.org\/es\/wp-json\/wp\/v2\/pages"}],"about":[{"href":"https:\/\/semillanueva.org\/es\/wp-json\/wp\/v2\/types\/page"}],"author":[{"embeddable":true,"href":"https:\/\/semillanueva.org\/es\/wp-json\/wp\/v2\/users\/1"}],"replies":[{"embeddable":true,"href":"https:\/\/semillanueva.org\/es\/wp-json\/wp\/v2\/comments?post=5019"}],"version-history":[{"count":0,"href":"https:\/\/semillanueva.org\/es\/wp-json\/wp\/v2\/pages\/5019\/revisions"}],"up":[{"embeddable":true,"href":"https:\/\/semillanueva.org\/es\/wp-json\/wp\/v2\/pages\/5032"}],"wp:featuredmedia":[{"embeddable":true,"href":"https:\/\/semillanueva.org\/es\/wp-json\/wp\/v2\/media\/5122"}],"wp:attachment":[{"href":"https:\/\/semillanueva.org\/es\/wp-json\/wp\/v2\/media?parent=5019"}],"curies":[{"name":"wp","href":"https:\/\/api.w.org\/{rel}","templated":true}]}}